{"id":965,"date":"2024-03-20T22:53:08","date_gmt":"2024-03-20T22:53:08","guid":{"rendered":"https:\/\/pepiniere-nour.com\/?post_type=product&#038;p=965"},"modified":"2024-05-21T11:43:56","modified_gmt":"2024-05-21T11:43:56","slug":"porto-farina","status":"publish","type":"product","link":"https:\/\/pepiniere-nour.com\/ar\/product\/porto-farina","title":{"rendered":"\u0628\u0648\u0631\u062a\u0648 \u0641\u0627\u0631\u064a\u0646\u0627"},"content":{"rendered":"","protected":false},"excerpt":{"rendered":"<p><strong>\u0627\u0644\u0623\u0635\u0644 \u0648\u0627\u0644\u062e\u0635\u0627\u0626\u0635<\/strong><\/p>\n<p>Le plant Porto Farina trouve ses racines en Tunisie, plus pr\u00e9cis\u00e9ment dans la r\u00e9gion de Bizerte, o\u00f9 il a \u00e9t\u00e9 d\u00e9velopp\u00e9. Sa vigueur, bien que moyenne, se traduit par une croissance constante et solide, permettant une bonne production de fruits. L&rsquo;aspect g\u00e9n\u00e9ral de ses fruits est qualifi\u00e9 comme \u00e9tant assez bon, ce qui le rend attrayant pour les producteurs<\/p>\n<p><strong>\u0627\u0644\u062a\u0642\u062f\u064a\u0631\u0627\u062a \u0627\u0644\u0639\u0627\u0645\u0629<\/strong><\/p>\n<p>\u0647\u0630\u0627 \u0627\u0644\u062a\u0646\u0648\u0639 \u0639\u0631\u0636\u0629 \u0642\u0644\u064a\u0644\u0627\u064b \u0644\u0640 Gloeosporium. \u064a\u062a\u0645 \u062a\u0637\u0639\u064a\u0645\u0647 \u0639\u0644\u0649 \u0623\u0635\u0648\u0644 Garnem \u0648GF 677\u060c \u0648\u0647\u0648 \u0645\u062a\u0627\u062d \u0644\u0644\u0628\u064a\u0639 \u0639\u0644\u0649 \u0634\u0643\u0644 \u0633\u0644\u064a\u0644\u0629 \u062c\u0630\u0631 \u0639\u0627\u0631\u064a\u0629 \u0639\u0645\u0631\u0647\u0627 \u0639\u0627\u0645\u064a\u0646\u060c \u0648\u0643\u0630\u0644\u0643 \u0639\u0644\u0649 \u0634\u0643\u0644 \u0623\u0643\u064a\u0627\u0633 \u0633\u0639\u0629 4 \u0644\u062a\u0631 \u064820 \u0644\u062a\u0631.<\/p>","protected":false},"featured_media":2736,"template":"","meta":{"_acf_changed":false},"product_brand":[],"product_cat":[39],"product_tag":[24,35,25,26,27],"class_list":{"0":"post-965","1":"product","2":"type-product","3":"status-publish","4":"has-post-thumbnail","6":"product_cat-plants-damandiers","7":"product_tag-equipment","8":"product_tag-etranger","9":"product_tag-garden","10":"product_tag-plants","11":"product_tag-tools","13":"first","14":"instock","15":"shipping-taxable","16":"purchasable","17":"product-type-simple"},"acf":[],"yoast_head":"<!-- This site is optimized with the Yoast SEO plugin v25.5 - https:\/\/yoast.com\/wordpress\/plugins\/seo\/ -->\n<title>Porto Farina - P\u00c9PINIERE NOUR DU CENTRE<\/title>\n<meta name=\"robots\" content=\"index, follow, max-snippet:-1, max-image-preview:large, max-video-preview:-1\" \/>\n<link rel=\"canonical\" href=\"https:\/\/pepiniere-nour.com\/ar\/product\/porto-farina\/\" \/>\n<meta property=\"og:locale\" content=\"ar_AR\" \/>\n<meta property=\"og:type\" content=\"article\" \/>\n<meta property=\"og:title\" content=\"Porto Farina - P\u00c9PINIERE NOUR DU CENTRE\" \/>\n<meta property=\"og:description\" content=\"Origine et Caract\u00e9ristiques  Le plant Porto Farina trouve ses racines en Tunisie, plus pr\u00e9cis\u00e9ment dans la r\u00e9gion de Bizerte, o\u00f9 il a \u00e9t\u00e9 d\u00e9velopp\u00e9. Sa vigueur, bien que moyenne, se traduit par une croissance constante et solide, permettant une bonne production de fruits. L&#039;aspect g\u00e9n\u00e9ral de ses fruits est qualifi\u00e9 comme \u00e9tant assez bon, ce qui le rend attrayant pour les producteurs  Appr\u00e9ciations G\u00e9n\u00e9rales  Cette vari\u00e9t\u00e9 est l\u00e9g\u00e8rement sensible \u00e0 la Gloeosporium. Il est greff\u00e9 sur les porte-greffes Garnem et GF 677. Il est disponible \u00e0 la vente sous forme de scion de 2 ans \u00e0 racines nues, ainsi que sous forme de sachets de 4L et de 20L.\" \/>\n<meta property=\"og:url\" content=\"https:\/\/pepiniere-nour.com\/ar\/product\/porto-farina\/\" \/>\n<meta property=\"og:site_name\" content=\"P\u00c9PINIERE NOUR DU CENTRE\" \/>\n<meta property=\"article:modified_time\" content=\"2024-05-21T11:43:56+00:00\" \/>\n<meta property=\"og:image\" content=\"https:\/\/pepiniere-nour.com\/wp-content\/uploads\/2024\/03\/plants-damandier-porto-Farina.jpg\" \/>\n\t<meta property=\"og:image:width\" content=\"570\" \/>\n\t<meta property=\"og:image:height\" content=\"380\" \/>\n\t<meta property=\"og:image:type\" content=\"image\/jpeg\" \/>\n<meta name=\"twitter:card\" content=\"summary_large_image\" \/>\n<meta name=\"twitter:label1\" content=\"\u0648\u0642\u062a \u0627\u0644\u0642\u0631\u0627\u0621\u0629 \u0627\u0644\u0645\u064f\u0642\u062f\u0651\u0631\" \/>\n\t<meta name=\"twitter:data1\" content=\"\u062f\u0642\u064a\u0642\u0629 \u0648\u0627\u062d\u062f\u0629\" \/>\n<script type=\"application\/ld+json\" class=\"yoast-schema-graph\">{\"@context\":\"https:\/\/schema.org\",\"@graph\":[{\"@type\":\"WebPage\",\"@id\":\"https:\/\/pepiniere-nour.com\/produit\/porto-farina\",\"url\":\"https:\/\/pepiniere-nour.com\/produit\/porto-farina\",\"name\":\"Porto Farina - P\u00c9PINIERE NOUR DU CENTRE\",\"isPartOf\":{\"@id\":\"https:\/\/pepiniere-nour.com\/#website\"},\"primaryImageOfPage\":{\"@id\":\"https:\/\/pepiniere-nour.com\/produit\/porto-farina#primaryimage\"},\"image\":{\"@id\":\"https:\/\/pepiniere-nour.com\/produit\/porto-farina#primaryimage\"},\"thumbnailUrl\":\"https:\/\/pepiniere-nour.com\/wp-content\/uploads\/2024\/03\/plants-damandier-porto-Farina.jpg\",\"datePublished\":\"2024-03-20T22:53:08+00:00\",\"dateModified\":\"2024-05-21T11:43:56+00:00\",\"breadcrumb\":{\"@id\":\"https:\/\/pepiniere-nour.com\/produit\/porto-farina#breadcrumb\"},\"inLanguage\":\"ar\",\"potentialAction\":[{\"@type\":\"ReadAction\",\"target\":[\"https:\/\/pepiniere-nour.com\/produit\/porto-farina\"]}]},{\"@type\":\"ImageObject\",\"inLanguage\":\"ar\",\"@id\":\"https:\/\/pepiniere-nour.com\/produit\/porto-farina#primaryimage\",\"url\":\"https:\/\/pepiniere-nour.com\/wp-content\/uploads\/2024\/03\/plants-damandier-porto-Farina.jpg\",\"contentUrl\":\"https:\/\/pepiniere-nour.com\/wp-content\/uploads\/2024\/03\/plants-damandier-porto-Farina.jpg\",\"width\":570,\"height\":380,\"caption\":\"plants d'amandiers porto Farina\"},{\"@type\":\"BreadcrumbList\",\"@id\":\"https:\/\/pepiniere-nour.com\/produit\/porto-farina#breadcrumb\",\"itemListElement\":[{\"@type\":\"ListItem\",\"position\":1,\"name\":\"Accueil\",\"item\":\"https:\/\/pepiniere-nour.com\/\"},{\"@type\":\"ListItem\",\"position\":2,\"name\":\"Boutique\",\"item\":\"https:\/\/pepiniere-nour.com\/boutique\"},{\"@type\":\"ListItem\",\"position\":3,\"name\":\"Porto Farina\"}]},{\"@type\":\"WebSite\",\"@id\":\"https:\/\/pepiniere-nour.com\/#website\",\"url\":\"https:\/\/pepiniere-nour.com\/\",\"name\":\"P\u00c9PINIERE NOUR DU CENTRE\",\"description\":\"P\u00c9PINIERE NOUR DU CENTRE\",\"publisher\":{\"@id\":\"https:\/\/pepiniere-nour.com\/#organization\"},\"potentialAction\":[{\"@type\":\"SearchAction\",\"target\":{\"@type\":\"EntryPoint\",\"urlTemplate\":\"https:\/\/pepiniere-nour.com\/?s={search_term_string}\"},\"query-input\":{\"@type\":\"PropertyValueSpecification\",\"valueRequired\":true,\"valueName\":\"search_term_string\"}}],\"inLanguage\":\"ar\"},{\"@type\":\"Organization\",\"@id\":\"https:\/\/pepiniere-nour.com\/#organization\",\"name\":\"P\u00c9PINIERE NOUR DU CENTRE\",\"url\":\"https:\/\/pepiniere-nour.com\/\",\"logo\":{\"@type\":\"ImageObject\",\"inLanguage\":\"ar\",\"@id\":\"https:\/\/pepiniere-nour.com\/#\/schema\/logo\/image\/\",\"url\":\"https:\/\/pepiniere-nour.com\/wp-content\/uploads\/2024\/03\/Remove-bg.ai_1709804773648.png\",\"contentUrl\":\"https:\/\/pepiniere-nour.com\/wp-content\/uploads\/2024\/03\/Remove-bg.ai_1709804773648.png\",\"width\":1199,\"height\":1199,\"caption\":\"P\u00c9PINIERE NOUR DU CENTRE\"},\"image\":{\"@id\":\"https:\/\/pepiniere-nour.com\/#\/schema\/logo\/image\/\"}}]}<\/script>\n<!-- \/ Yoast SEO plugin. -->","yoast_head_json":{"title":"Porto Farina - P\u00c9PINIERE NOUR DU CENTRE","robots":{"index":"index","follow":"follow","max-snippet":"max-snippet:-1","max-image-preview":"max-image-preview:large","max-video-preview":"max-video-preview:-1"},"canonical":"https:\/\/pepiniere-nour.com\/ar\/product\/porto-farina\/","og_locale":"ar_AR","og_type":"article","og_title":"Porto Farina - P\u00c9PINIERE NOUR DU CENTRE","og_description":"Origine et Caract\u00e9ristiques  Le plant Porto Farina trouve ses racines en Tunisie, plus pr\u00e9cis\u00e9ment dans la r\u00e9gion de Bizerte, o\u00f9 il a \u00e9t\u00e9 d\u00e9velopp\u00e9. Sa vigueur, bien que moyenne, se traduit par une croissance constante et solide, permettant une bonne production de fruits. L'aspect g\u00e9n\u00e9ral de ses fruits est qualifi\u00e9 comme \u00e9tant assez bon, ce qui le rend attrayant pour les producteurs  Appr\u00e9ciations G\u00e9n\u00e9rales  Cette vari\u00e9t\u00e9 est l\u00e9g\u00e8rement sensible \u00e0 la Gloeosporium. Il est greff\u00e9 sur les porte-greffes Garnem et GF 677. Il est disponible \u00e0 la vente sous forme de scion de 2 ans \u00e0 racines nues, ainsi que sous forme de sachets de 4L et de 20L.","og_url":"https:\/\/pepiniere-nour.com\/ar\/product\/porto-farina\/","og_site_name":"P\u00c9PINIERE NOUR DU CENTRE","article_modified_time":"2024-05-21T11:43:56+00:00","og_image":[{"width":570,"height":380,"url":"https:\/\/pepiniere-nour.com\/wp-content\/uploads\/2024\/03\/plants-damandier-porto-Farina.jpg","type":"image\/jpeg"}],"twitter_card":"summary_large_image","twitter_misc":{"\u0648\u0642\u062a \u0627\u0644\u0642\u0631\u0627\u0621\u0629 \u0627\u0644\u0645\u064f\u0642\u062f\u0651\u0631":"\u062f\u0642\u064a\u0642\u0629 \u0648\u0627\u062d\u062f\u0629"},"schema":{"@context":"https:\/\/schema.org","@graph":[{"@type":"WebPage","@id":"https:\/\/pepiniere-nour.com\/produit\/porto-farina","url":"https:\/\/pepiniere-nour.com\/produit\/porto-farina","name":"Porto Farina - P\u00c9PINIERE NOUR DU CENTRE","isPartOf":{"@id":"https:\/\/pepiniere-nour.com\/#website"},"primaryImageOfPage":{"@id":"https:\/\/pepiniere-nour.com\/produit\/porto-farina#primaryimage"},"image":{"@id":"https:\/\/pepiniere-nour.com\/produit\/porto-farina#primaryimage"},"thumbnailUrl":"https:\/\/pepiniere-nour.com\/wp-content\/uploads\/2024\/03\/plants-damandier-porto-Farina.jpg","datePublished":"2024-03-20T22:53:08+00:00","dateModified":"2024-05-21T11:43:56+00:00","breadcrumb":{"@id":"https:\/\/pepiniere-nour.com\/produit\/porto-farina#breadcrumb"},"inLanguage":"ar","potentialAction":[{"@type":"ReadAction","target":["https:\/\/pepiniere-nour.com\/produit\/porto-farina"]}]},{"@type":"ImageObject","inLanguage":"ar","@id":"https:\/\/pepiniere-nour.com\/produit\/porto-farina#primaryimage","url":"https:\/\/pepiniere-nour.com\/wp-content\/uploads\/2024\/03\/plants-damandier-porto-Farina.jpg","contentUrl":"https:\/\/pepiniere-nour.com\/wp-content\/uploads\/2024\/03\/plants-damandier-porto-Farina.jpg","width":570,"height":380,"caption":"plants d'amandiers porto Farina"},{"@type":"BreadcrumbList","@id":"https:\/\/pepiniere-nour.com\/produit\/porto-farina#breadcrumb","itemListElement":[{"@type":"ListItem","position":1,"name":"Accueil","item":"https:\/\/pepiniere-nour.com\/"},{"@type":"ListItem","position":2,"name":"Boutique","item":"https:\/\/pepiniere-nour.com\/boutique"},{"@type":"ListItem","position":3,"name":"Porto Farina"}]},{"@type":"WebSite","@id":"https:\/\/pepiniere-nour.com\/#website","url":"https:\/\/pepiniere-nour.com\/","name":"P\u00c9PINIERE NOUR DU CENTRE","description":"P\u00c9PINIERE NOUR DU CENTRE","publisher":{"@id":"https:\/\/pepiniere-nour.com\/#organization"},"potentialAction":[{"@type":"SearchAction","target":{"@type":"EntryPoint","urlTemplate":"https:\/\/pepiniere-nour.com\/?s={search_term_string}"},"query-input":{"@type":"PropertyValueSpecification","valueRequired":true,"valueName":"search_term_string"}}],"inLanguage":"ar"},{"@type":"Organization","@id":"https:\/\/pepiniere-nour.com\/#organization","name":"P\u00c9PINIERE NOUR DU CENTRE","url":"https:\/\/pepiniere-nour.com\/","logo":{"@type":"ImageObject","inLanguage":"ar","@id":"https:\/\/pepiniere-nour.com\/#\/schema\/logo\/image\/","url":"https:\/\/pepiniere-nour.com\/wp-content\/uploads\/2024\/03\/Remove-bg.ai_1709804773648.png","contentUrl":"https:\/\/pepiniere-nour.com\/wp-content\/uploads\/2024\/03\/Remove-bg.ai_1709804773648.png","width":1199,"height":1199,"caption":"P\u00c9PINIERE NOUR DU CENTRE"},"image":{"@id":"https:\/\/pepiniere-nour.com\/#\/schema\/logo\/image\/"}}]}},"_links":{"self":[{"href":"https:\/\/pepiniere-nour.com\/ar\/wp-json\/wp\/v2\/product\/965","targetHints":{"allow":["GET"]}}],"collection":[{"href":"https:\/\/pepiniere-nour.com\/ar\/wp-json\/wp\/v2\/product"}],"about":[{"href":"https:\/\/pepiniere-nour.com\/ar\/wp-json\/wp\/v2\/types\/product"}],"wp:featuredmedia":[{"embeddable":true,"href":"https:\/\/pepiniere-nour.com\/ar\/wp-json\/wp\/v2\/media\/2736"}],"wp:attachment":[{"href":"https:\/\/pepiniere-nour.com\/ar\/wp-json\/wp\/v2\/media?parent=965"}],"wp:term":[{"taxonomy":"product_brand","embeddable":true,"href":"https:\/\/pepiniere-nour.com\/ar\/wp-json\/wp\/v2\/product_brand?post=965"},{"taxonomy":"product_cat","embeddable":true,"href":"https:\/\/pepiniere-nour.com\/ar\/wp-json\/wp\/v2\/product_cat?post=965"},{"taxonomy":"product_tag","embeddable":true,"href":"https:\/\/pepiniere-nour.com\/ar\/wp-json\/wp\/v2\/product_tag?post=965"}],"curies":[{"name":"wp","href":"https:\/\/api.w.org\/{rel}","templated":true}]}}